{"id":19990,"date":"2024-10-24T09:49:23","date_gmt":"2024-10-24T08:49:23","guid":{"rendered":"https:\/\/l-doornassau.be\/portes-sectionnelles\/st17\/"},"modified":"2025-04-09T14:30:07","modified_gmt":"2025-04-09T13:30:07","slug":"st17","status":"publish","type":"page","link":"https:\/\/l-doornassau.be\/fr\/portes-sectionnelles\/st17\/","title":{"rendered":"ST17"},"content":{"rendered":"\t\t<div data-elementor-type=\"wp-page\" data-elementor-id=\"19990\" class=\"elementor elementor-19990 elementor-16677\" data-elementor-post-type=\"page\">\n\t\t\t\t<div class=\"elementor-element elementor-element-b164166 e-con-full residentieel e-flex e-con e-parent\" data-id=\"b164166\" data-element_type=\"container\" data-settings=\"{&quot;background_background&quot;:&quot;classic&quot;}\">\n\t\t<div class=\"elementor-element elementor-element-2ebbbfe e-con-full container__xl e-flex e-con e-child\" data-id=\"2ebbbfe\" data-element_type=\"container\">\n\t\t<div class=\"elementor-element elementor-element-d0db789 e-con-full e-flex e-con e-child\" data-id=\"d0db789\" data-element_type=\"container\">\n\t\t\t\t<div class=\"elementor-element elementor-element-ea1f162 elementor-widget elementor-widget-heading\" data-id=\"ea1f162\" data-element_type=\"widget\" data-widget_type=\"heading.default\">\n\t\t\t\t<div class=\"elementor-widget-container\">\n\t\t\t\t\t<h1 class=\"elementor-heading-title elementor-size-default\">Porte sectionnelle l-doornassau ST17<\/h1>\t\t\t\t<\/div>\n\t\t\t\t<\/div>\n\t\t\t\t<div class=\"elementor-element elementor-element-37141a1 elementor-widget elementor-widget-text-editor\" data-id=\"37141a1\" data-element_type=\"widget\" data-widget_type=\"text-editor.default\">\n\t\t\t\t<div class=\"elementor-widget-container\">\n\t\t\t\t\t\t\t\t\t<p>La porte sectionnelle ST17 de l-doornassau est compos\u00e9e de panneaux sandwichs microline avec protection anti-pince-doigts, int\u00e9grant une double paroi en acier galvanis\u00e9 remplie de mousse polyur\u00e9thane.<\/p>\t\t\t\t\t\t\t\t<\/div>\n\t\t\t\t<\/div>\n\t\t\t\t<div class=\"elementor-element elementor-element-4fc3c19 elementor-widget elementor-widget-button\" data-id=\"4fc3c19\" data-element_type=\"widget\" data-widget_type=\"button.default\">\n\t\t\t\t<div class=\"elementor-widget-container\">\n\t\t\t\t\t\t\t\t\t<div class=\"elementor-button-wrapper\">\n\t\t\t\t\t<a class=\"elementor-button elementor-button-link elementor-size-sm\" href=\"https:\/\/l-doornassau.be\/fr\/devis\/\">\n\t\t\t\t\t\t<span class=\"elementor-button-content-wrapper\">\n\t\t\t\t\t\t\t\t\t<span class=\"elementor-button-text\">Demander un devis<\/span>\n\t\t\t\t\t<\/span>\n\t\t\t\t\t<\/a>\n\t\t\t\t<\/div>\n\t\t\t\t\t\t\t\t<\/div>\n\t\t\t\t<\/div>\n\t\t\t\t<\/div>\n\t\t\t\t<\/div>\n\t\t<div class=\"elementor-element elementor-element-8c150a5 e-con-full hero__image e-flex e-con e-child\" data-id=\"8c150a5\" data-element_type=\"container\" data-settings=\"{&quot;background_background&quot;:&quot;classic&quot;}\">\n\t\t\t\t<\/div>\n\t\t\t\t<\/div>\n\t\t<div class=\"elementor-element elementor-element-04b8ae4 e-con-full e-flex e-con e-parent\" data-id=\"04b8ae4\" data-element_type=\"container\" data-settings=\"{&quot;background_background&quot;:&quot;classic&quot;}\">\n\t\t<div class=\"elementor-element elementor-element-3215180 e-con-full container__xl e-flex e-con e-child\" data-id=\"3215180\" data-element_type=\"container\">\n\t\t<div class=\"elementor-element elementor-element-687626b e-con-full e-flex e-con e-child\" data-id=\"687626b\" data-element_type=\"container\">\n\t\t\t\t<div class=\"elementor-element elementor-element-a61851f elementor-widget elementor-widget-image\" data-id=\"a61851f\" data-element_type=\"widget\" data-widget_type=\"image.default\">\n\t\t\t\t<div class=\"elementor-widget-container\">\n\t\t\t\t\t\t\t\t\t\t\t\t\t\t\t<img fetchpriority=\"high\" decoding=\"async\" width=\"768\" height=\"1024\" src=\"https:\/\/l-doornassau.be\/wp-content\/uploads\/2024\/10\/ST17-Lisse-Microline-768x1024.jpg\" class=\"attachment-large size-large wp-image-19733\" alt=\"L-doornassau industri\u00eble sectionaalpoort ST17\" srcset=\"https:\/\/l-doornassau.be\/wp-content\/uploads\/2024\/10\/ST17-Lisse-Microline-768x1024.jpg 768w, https:\/\/l-doornassau.be\/wp-content\/uploads\/2024\/10\/ST17-Lisse-Microline-225x300.jpg 225w, https:\/\/l-doornassau.be\/wp-content\/uploads\/2024\/10\/ST17-Lisse-Microline-1152x1536.jpg 1152w, https:\/\/l-doornassau.be\/wp-content\/uploads\/2024\/10\/ST17-Lisse-Microline-600x800.jpg 600w, https:\/\/l-doornassau.be\/wp-content\/uploads\/2024\/10\/ST17-Lisse-Microline.jpg 1163w\" sizes=\"(max-width: 768px) 100vw, 768px\" \/>\t\t\t\t\t\t\t\t\t\t\t\t\t\t\t<\/div>\n\t\t\t\t<\/div>\n\t\t\t\t<\/div>\n\t\t<div class=\"elementor-element elementor-element-6740855 e-con-full e-flex e-con e-child\" data-id=\"6740855\" data-element_type=\"container\">\n\t\t\t\t<div class=\"elementor-element elementor-element-ce1af41 elementor-widget elementor-widget-text-editor\" data-id=\"ce1af41\" data-element_type=\"widget\" data-widget_type=\"text-editor.default\">\n\t\t\t\t<div class=\"elementor-widget-container\">\n\t\t\t\t\t\t\t\t\t<p>Gr\u00e2ce \u00e0 ses profil\u00e9s d\u2019\u00e9tanch\u00e9it\u00e9 en caoutchouc plac\u00e9s tout autour et entre les panneaux, la porte sectionnelle ST17 limite efficacement les \u00e9changes thermiques, r\u00e9duisant ainsi les pertes de chaleur et garantissant une valeur U de 0,5 W\/m\u00b2K<\/p><p>Cette porte sectionnelle est disponible en 4 couleurs standard et peut \u00eatre \u00e9quip\u00e9e des options suivantes :<br><br><\/p><ul><li>section compl\u00e8te avec fen\u00eatres rectangulaires s\u00e9par\u00e9es (680 x 373 mm)<\/li><li>section compl\u00e8te avec fen\u00eatres rectangulaires s\u00e9par\u00e9es avec coins arrondis (663 x 343 mm)<\/li><li>section vitr\u00e9e compl\u00e8te avec profil\u00e9s verticaux<\/li><li>portillon int\u00e9gr\u00e9<\/li><\/ul>\t\t\t\t\t\t\t\t<\/div>\n\t\t\t\t<\/div>\n\t\t\t\t<\/div>\n\t\t\t\t<\/div>\n\t\t\t\t<\/div>\n\t\t<div class=\"elementor-element elementor-element-a62bc87 e-con-full e-flex e-con e-parent\" data-id=\"a62bc87\" data-element_type=\"container\" data-settings=\"{&quot;background_background&quot;:&quot;classic&quot;}\">\n\t\t<div class=\"elementor-element elementor-element-500c084 e-con-full container__xl e-flex e-con e-child\" data-id=\"500c084\" data-element_type=\"container\">\n\t\t<div class=\"elementor-element elementor-element-322d9b8 e-con-full e-flex e-con e-child\" data-id=\"322d9b8\" data-element_type=\"container\">\n\t\t\t\t<div class=\"elementor-element elementor-element-ae60df9 elementor-widget elementor-widget-heading\" data-id=\"ae60df9\" data-element_type=\"widget\" data-widget_type=\"heading.default\">\n\t\t\t\t<div class=\"elementor-widget-container\">\n\t\t\t\t\t<h2 class=\"elementor-heading-title elementor-size-default\">Prenez rendez-vous ou envoyez-nous un e-mail<\/h2>\t\t\t\t<\/div>\n\t\t\t\t<\/div>\n\t\t\t\t<\/div>\n\t\t<div class=\"elementor-element elementor-element-25470b7 e-con-full e-flex e-con e-child\" data-id=\"25470b7\" data-element_type=\"container\">\n\t\t\t\t<div class=\"elementor-element elementor-element-9353503 elementor-widget elementor-widget-button\" data-id=\"9353503\" data-element_type=\"widget\" data-widget_type=\"button.default\">\n\t\t\t\t<div class=\"elementor-widget-container\">\n\t\t\t\t\t\t\t\t\t<div class=\"elementor-button-wrapper\">\n\t\t\t\t\t<a class=\"elementor-button elementor-button-link elementor-size-sm\" href=\"https:\/\/l-doornassau.be\/fr\/contact\/\">\n\t\t\t\t\t\t<span class=\"elementor-button-content-wrapper\">\n\t\t\t\t\t\t\t\t\t<span class=\"elementor-button-text\">Contactez nous<\/span>\n\t\t\t\t\t<\/span>\n\t\t\t\t\t<\/a>\n\t\t\t\t<\/div>\n\t\t\t\t\t\t\t\t<\/div>\n\t\t\t\t<\/div>\n\t\t\t\t<\/div>\n\t\t\t\t<\/div>\n\t\t\t\t<\/div>\n\t\t\t\t<\/div>\n\t\t","protected":false},"excerpt":{"rendered":"<p>Porte sectionnelle l-doornassau ST17 La porte sectionnelle ST17 de l-doornassau est compos\u00e9e de panneaux sandwichs microline avec protection anti-pince-doigts, int\u00e9grant une double paroi en acier galvanis\u00e9 remplie de mousse polyur\u00e9thane. Demander un devis Gr\u00e2ce \u00e0 ses profil\u00e9s d\u2019\u00e9tanch\u00e9it\u00e9 en caoutchouc plac\u00e9s tout autour et entre les panneaux, la porte sectionnelle ST17 limite efficacement les \u00e9changes [&hellip;]<\/p>\n","protected":false},"author":27,"featured_media":0,"parent":19963,"menu_order":0,"comment_status":"closed","ping_status":"closed","template":"elementor_header_footer","meta":{"_acf_changed":false,"footnotes":""},"class_list":["post-19990","page","type-page","status-publish","hentry"],"acf":[],"_links":{"self":[{"href":"https:\/\/l-doornassau.be\/fr\/wp-json\/wp\/v2\/pages\/19990","targetHints":{"allow":["GET"]}}],"collection":[{"href":"https:\/\/l-doornassau.be\/fr\/wp-json\/wp\/v2\/pages"}],"about":[{"href":"https:\/\/l-doornassau.be\/fr\/wp-json\/wp\/v2\/types\/page"}],"author":[{"embeddable":true,"href":"https:\/\/l-doornassau.be\/fr\/wp-json\/wp\/v2\/users\/27"}],"replies":[{"embeddable":true,"href":"https:\/\/l-doornassau.be\/fr\/wp-json\/wp\/v2\/comments?post=19990"}],"version-history":[{"count":5,"href":"https:\/\/l-doornassau.be\/fr\/wp-json\/wp\/v2\/pages\/19990\/revisions"}],"predecessor-version":[{"id":20329,"href":"https:\/\/l-doornassau.be\/fr\/wp-json\/wp\/v2\/pages\/19990\/revisions\/20329"}],"up":[{"embeddable":true,"href":"https:\/\/l-doornassau.be\/fr\/wp-json\/wp\/v2\/pages\/19963"}],"wp:attachment":[{"href":"https:\/\/l-doornassau.be\/fr\/wp-json\/wp\/v2\/media?parent=19990"}],"curies":[{"name":"wp","href":"https:\/\/api.w.org\/{rel}","templated":true}]}}