{"id":20002,"date":"2024-09-06T08:10:41","date_gmt":"2024-09-06T07:10:41","guid":{"rendered":"https:\/\/l-doornassau.be\/portillons-independants\/"},"modified":"2026-04-27T15:33:19","modified_gmt":"2026-04-27T14:33:19","slug":"portillons-independants","status":"publish","type":"page","link":"https:\/\/l-doornassau.be\/fr\/portillons-independants\/","title":{"rendered":"Portillons ind\u00e9pendants"},"content":{"rendered":"\t\t<div data-elementor-type=\"wp-page\" data-elementor-id=\"20002\" class=\"elementor elementor-20002 elementor-14270\" data-elementor-post-type=\"page\">\n\t\t\t\t<div class=\"elementor-element elementor-element-1318283 e-con-full e-flex e-con e-parent\" data-id=\"1318283\" data-element_type=\"container\" data-settings=\"{&quot;background_background&quot;:&quot;classic&quot;}\">\n\t\t<div class=\"elementor-element elementor-element-6fd77ed e-con-full container__xl e-flex e-con e-child\" data-id=\"6fd77ed\" data-element_type=\"container\">\n\t\t<div class=\"elementor-element elementor-element-3bfb738 e-con-full e-flex e-con e-child\" data-id=\"3bfb738\" data-element_type=\"container\">\n\t\t\t\t<div class=\"elementor-element elementor-element-c4b9160 elementor-widget elementor-widget-heading\" data-id=\"c4b9160\" data-element_type=\"widget\" data-widget_type=\"heading.default\">\n\t\t\t\t<div class=\"elementor-widget-container\">\n\t\t\t\t\t<h1 class=\"elementor-heading-title elementor-size-default\">Portes ind\u00e9pendants<\/h1>\t\t\t\t<\/div>\n\t\t\t\t<\/div>\n\t\t\t\t<div class=\"elementor-element elementor-element-e91b7ce elementor-widget elementor-widget-text-editor\" data-id=\"e91b7ce\" data-element_type=\"widget\" data-widget_type=\"text-editor.default\">\n\t\t\t\t<div class=\"elementor-widget-container\">\n\t\t\t\t\t\t\t\t\t<p>En compl\u00e9ment de notre gamme de portes sectionnelles, l-doornassau propose \u00e9galement des portes pi\u00e9tonnes ind\u00e9pendantes, parfaitement assorties \u00e0 votre porte et \u00e0 votre b\u00e2timent. Nos portes pi\u00e9tonnes sont fabriqu\u00e9es avec les m\u00eames mat\u00e9riaux haut de gamme et le m\u00eame niveau de finition que les portes sectionnelles, afin de garantir une parfaite harmonie entre fonctionnalit\u00e9 et esth\u00e9tique. <\/p><p>Gr\u00e2ce \u00e0 l\u2019utilisation de motifs identiques, la porte pi\u00e9tonne s\u2019int\u00e8gre parfaitement \u00e0 la porte. Cela garantit une apparence uniforme, une finition professionnelle et une solution durable pour les applications industrielles. <\/p>\t\t\t\t\t\t\t\t<\/div>\n\t\t\t\t<\/div>\n\t\t\t\t<div class=\"elementor-element elementor-element-a229825 elementor-widget elementor-widget-button\" data-id=\"a229825\" data-element_type=\"widget\" data-widget_type=\"button.default\">\n\t\t\t\t<div class=\"elementor-widget-container\">\n\t\t\t\t\t\t\t\t\t<div class=\"elementor-button-wrapper\">\n\t\t\t\t\t<a class=\"elementor-button elementor-button-link elementor-size-sm\" href=\"https:\/\/l-doornassau.be\/fr\/devis\/\">\n\t\t\t\t\t\t<span class=\"elementor-button-content-wrapper\">\n\t\t\t\t\t\t\t\t\t<span class=\"elementor-button-text\">Demander un devis<\/span>\n\t\t\t\t\t<\/span>\n\t\t\t\t\t<\/a>\n\t\t\t\t<\/div>\n\t\t\t\t\t\t\t\t<\/div>\n\t\t\t\t<\/div>\n\t\t\t\t<\/div>\n\t\t\t\t<\/div>\n\t\t<div class=\"elementor-element elementor-element-6ceee93 e-con-full hero__image e-flex e-con e-child\" data-id=\"6ceee93\" data-element_type=\"container\" data-settings=\"{&quot;background_background&quot;:&quot;classic&quot;}\">\n\t\t\t\t<\/div>\n\t\t\t\t<\/div>\n\t\t<div class=\"elementor-element elementor-element-98e45a6 e-flex e-con-boxed e-con e-parent\" data-id=\"98e45a6\" data-element_type=\"container\" data-settings=\"{&quot;background_background&quot;:&quot;classic&quot;}\">\n\t\t\t\t\t<div class=\"e-con-inner\">\n\t\t\t\t<div class=\"elementor-element elementor-element-6a4b0e5 elementor-widget elementor-widget-heading\" data-id=\"6a4b0e5\" data-element_type=\"widget\" data-widget_type=\"heading.default\">\n\t\t\t\t<div class=\"elementor-widget-container\">\n\t\t\t\t\t<h2 class=\"elementor-heading-title elementor-size-default\">Qu\u2019est-ce qu\u2019un portillon ind\u00e9pendant ?<\/h2>\t\t\t\t<\/div>\n\t\t\t\t<\/div>\n\t\t\t\t<div class=\"elementor-element elementor-element-d10994a elementor-widget elementor-widget-text-editor\" data-id=\"d10994a\" data-element_type=\"widget\" data-widget_type=\"text-editor.default\">\n\t\t\t\t<div class=\"elementor-widget-container\">\n\t\t\t\t\t\t\t\t\t<p>Un <b>portillon ind\u00e9pendant<\/b> est une porte s\u00e9par\u00e9e, plac\u00e9e \u00e0 c\u00f4t\u00e9 d\u2019une porte industrielle, et sert de passage distinct pour les personnes. Contrairement \u00e0 un portillon int\u00e9gr\u00e9 dans une porte, le <b>portillon ind\u00e9pendant <\/b>est totalement dissoci\u00e9 de la porte industrielle et constitue un acc\u00e8s autonome au b\u00e2timent. <\/p>\n<p>Les portillons ind\u00e9pendants sont souvent utilis\u00e9s dans des <b>b\u00e2timents industriels et commerciaux<\/b>, tels que des entrep\u00f4ts, des ateliers et des halls de production. Ils permettent de faciliter l\u2019acc\u00e8s du personnel et des visiteurs, sans devoir ouvrir la grande porte. <\/p>\n<p>Chez l-doornassau, <b>les portillons ind\u00e9pendants sont assortis \u00e0 la porte sectionnelle correspondante<\/b>, tant au niveau des mat\u00e9riaux que des finitions. Il en r\u00e9sulte une apparence uniforme et un ensemble techniquement coh\u00e9rent, tout en conservant pour la porte et le portillon leurs fonctions respectives. <\/p>\t\t\t\t\t\t\t\t<\/div>\n\t\t\t\t<\/div>\n\t\t\t\t\t<\/div>\n\t\t\t\t<\/div>\n\t\t<div class=\"elementor-element elementor-element-31e9ee6 e-flex e-con-boxed e-con e-parent\" data-id=\"31e9ee6\" data-element_type=\"container\">\n\t\t\t\t\t<div class=\"e-con-inner\">\n\t\t<div class=\"elementor-element elementor-element-2d81b28 e-con-full e-flex e-con e-child\" data-id=\"2d81b28\" data-element_type=\"container\">\n\t\t\t\t<div class=\"elementor-element elementor-element-5c7b2b0 elementor-widget elementor-widget-heading\" data-id=\"5c7b2b0\" data-element_type=\"widget\" data-widget_type=\"heading.default\">\n\t\t\t\t<div class=\"elementor-widget-container\">\n\t\t\t\t\t<h2 class=\"elementor-heading-title elementor-size-default\">Avantages d\u2019un portillon ind\u00e9pendant<\/h2>\t\t\t\t<\/div>\n\t\t\t\t<\/div>\n\t\t\t\t<div class=\"elementor-element elementor-element-2314a98 elementor-widget elementor-widget-text-editor\" data-id=\"2314a98\" data-element_type=\"widget\" data-widget_type=\"text-editor.default\">\n\t\t\t\t<div class=\"elementor-widget-container\">\n\t\t\t\t\t\t\t\t\t<p>Un portillon ind\u00e9pendant offre de nombreux avantages dans les environnements industriels o\u00f9 les d\u00e9placements quotidiens sont nombreux. \u00c9tant install\u00e9 s\u00e9par\u00e9ment de la porte, il constitue une solution pratique et durable pour des passages s\u00fbrs et efficaces. <\/p><p>Passage efficace et s\u00e9curis\u00e9 pour les personnes<br>Gr\u00e2ce \u00e0 un portillon ind\u00e9pendant, les collaborateurs et les visiteurs peuvent acc\u00e9der au b\u00e2timent sans devoir utiliser la grande porte. Cela am\u00e9liore la s\u00e9curit\u00e9 et r\u00e9duit le risque d\u2019accidents dans les zones o\u00f9 des v\u00e9hicules ou des machines sont en activit\u00e9. <\/p><p><b>Moins de pertes d\u2019\u00e9nergie<\/b><br>Comme la porte sectionnelle reste ferm\u00e9e, les pertes de chaleur ou de climatisation sont limit\u00e9es. En particulier dans les entrep\u00f4ts, les halls de production et les ateliers, un portillon ind\u00e9pendant contribue \u00e0 un fonctionnement \u00e9co\u00e9nerg\u00e9tique du b\u00e2timent. <\/p><p><b>Dur\u00e9e de vie prolong\u00e9e de la porte<\/b><br>En faisant passer le trafic pi\u00e9tonnier quotidien par le portillon ind\u00e9pendant, la porte industrielle est moins souvent ouverte et ferm\u00e9e. Cela r\u00e9duit l\u2019usure et contribue \u00e0 prolonger la dur\u00e9e de vie de l\u2019installation de la porte. <\/p>\t\t\t\t\t\t\t\t<\/div>\n\t\t\t\t<\/div>\n\t\t\t\t<div class=\"elementor-element elementor-element-9016b85 elementor-widget elementor-widget-button\" data-id=\"9016b85\" data-element_type=\"widget\" data-widget_type=\"button.default\">\n\t\t\t\t<div class=\"elementor-widget-container\">\n\t\t\t\t\t\t\t\t\t<div class=\"elementor-button-wrapper\">\n\t\t\t\t\t<a class=\"elementor-button elementor-button-link elementor-size-sm\" href=\"https:\/\/l-doornassau.be\/fr\/devis\/\">\n\t\t\t\t\t\t<span class=\"elementor-button-content-wrapper\">\n\t\t\t\t\t\t\t\t\t<span class=\"elementor-button-text\">Demander un devis<\/span>\n\t\t\t\t\t<\/span>\n\t\t\t\t\t<\/a>\n\t\t\t\t<\/div>\n\t\t\t\t\t\t\t\t<\/div>\n\t\t\t\t<\/div>\n\t\t\t\t<\/div>\n\t\t<div class=\"elementor-element elementor-element-b741e18 e-con-full e-flex e-con e-child\" data-id=\"b741e18\" data-element_type=\"container\">\n\t\t\t\t<div class=\"elementor-element elementor-element-b187d81 elementor-widget elementor-widget-image\" data-id=\"b187d81\" data-element_type=\"widget\" data-widget_type=\"image.default\">\n\t\t\t\t<div class=\"elementor-widget-container\">\n\t\t\t\t\t\t\t\t\t\t\t\t\t\t\t<img fetchpriority=\"high\" decoding=\"async\" width=\"683\" height=\"1024\" src=\"https:\/\/l-doornassau.be\/wp-content\/uploads\/2018\/02\/inspirasjon-verksted17-683x1024.jpg\" class=\"attachment-large size-large wp-image-18843\" alt=\"\" srcset=\"https:\/\/l-doornassau.be\/wp-content\/uploads\/2018\/02\/inspirasjon-verksted17-683x1024.jpg 683w, https:\/\/l-doornassau.be\/wp-content\/uploads\/2018\/02\/inspirasjon-verksted17-600x900.jpg 600w, https:\/\/l-doornassau.be\/wp-content\/uploads\/2018\/02\/inspirasjon-verksted17-200x300.jpg 200w, https:\/\/l-doornassau.be\/wp-content\/uploads\/2018\/02\/inspirasjon-verksted17-768x1152.jpg 768w, https:\/\/l-doornassau.be\/wp-content\/uploads\/2018\/02\/inspirasjon-verksted17.jpg 800w\" sizes=\"(max-width: 683px) 100vw, 683px\" \/>\t\t\t\t\t\t\t\t\t\t\t\t\t\t\t<\/div>\n\t\t\t\t<\/div>\n\t\t\t\t<\/div>\n\t\t\t\t\t<\/div>\n\t\t\t\t<\/div>\n\t\t<div class=\"elementor-element elementor-element-fd6e598 e-flex e-con-boxed e-con e-parent\" data-id=\"fd6e598\" data-element_type=\"container\" data-settings=\"{&quot;background_background&quot;:&quot;classic&quot;}\">\n\t\t\t\t\t<div class=\"e-con-inner\">\n\t\t\t\t<div class=\"elementor-element elementor-element-a004200 elementor-widget elementor-widget-heading\" data-id=\"a004200\" data-element_type=\"widget\" data-widget_type=\"heading.default\">\n\t\t\t\t<div class=\"elementor-widget-container\">\n\t\t\t\t\t<h2 class=\"elementor-heading-title elementor-size-default\">Notre gamme de portillon ind\u00e9pendants<\/h2>\t\t\t\t<\/div>\n\t\t\t\t<\/div>\n\t\t\t\t<div class=\"elementor-element elementor-element-43057d5 elementor-widget elementor-widget-text-editor\" data-id=\"43057d5\" data-element_type=\"widget\" data-widget_type=\"text-editor.default\">\n\t\t\t\t<div class=\"elementor-widget-container\">\n\t\t\t\t\t\t\t\t\t<p>La gamme de portillons ind\u00e9pendants de l-doornassau se compose de diff\u00e9rentes ex\u00e9cutions, adapt\u00e9es \u00e0 diverses situations d\u2019utilisation au sein des b\u00e2timents industriels. En fonction de crit\u00e8res tels que le niveau d\u2019isolation, le degr\u00e9 de finition et l\u2019intensit\u00e9 d\u2019utilisation, vous pouvez choisir parmi plusieurs types de portillons ind\u00e9pendants. <\/p><p>Chaque type est con\u00e7u avec un objectif sp\u00e9cifique, allant de solutions fonctionnelles de base \u00e0 des versions haut de gamme avec une finition soign\u00e9e. La gamme offre ainsi une flexibilit\u00e9 suffisante pour r\u00e9pondre \u00e0 la fois aux exigences techniques et aux attentes esth\u00e9tiques. L\u2019aper\u00e7u ci-dessous vous aide \u00e0 s\u00e9lectionner rapidement le type de portillon ind\u00e9pendant le plus adapt\u00e9 \u00e0 votre projet.  <\/p>\t\t\t\t\t\t\t\t<\/div>\n\t\t\t\t<\/div>\n\t\t\t\t\t<\/div>\n\t\t\t\t<\/div>\n\t\t<div class=\"elementor-element elementor-element-5b2e366 e-con-full e-flex e-con e-parent\" data-id=\"5b2e366\" data-element_type=\"container\" data-settings=\"{&quot;background_background&quot;:&quot;classic&quot;}\">\n\t\t<div class=\"elementor-element elementor-element-c445d20 e-con-full container__xl e-flex e-con e-child\" data-id=\"c445d20\" data-element_type=\"container\">\n\t\t<a class=\"elementor-element elementor-element-78b6dae e-con-full product__item e-flex e-con e-child\" data-id=\"78b6dae\" data-element_type=\"container\" href=\"https:\/\/l-doornassau.be\/fr\/portillons-independants\/portillon-alu\/\">\n\t\t\t\t<div class=\"elementor-element elementor-element-6bb6efa elementor-widget elementor-widget-image\" data-id=\"6bb6efa\" data-element_type=\"widget\" data-widget_type=\"image.default\">\n\t\t\t\t<div class=\"elementor-widget-container\">\n\t\t\t\t\t\t\t\t\t\t\t\t\t\t\t<img decoding=\"async\" width=\"800\" height=\"536\" src=\"https:\/\/l-doornassau.be\/wp-content\/uploads\/2024\/11\/DSC02139-alu-1024x686.jpg\" class=\"attachment-large size-large wp-image-19905\" alt=\"L-doornassau ALU loopdeuren\" srcset=\"https:\/\/l-doornassau.be\/wp-content\/uploads\/2024\/11\/DSC02139-alu-1024x686.jpg 1024w, https:\/\/l-doornassau.be\/wp-content\/uploads\/2024\/11\/DSC02139-alu-300x201.jpg 300w, https:\/\/l-doornassau.be\/wp-content\/uploads\/2024\/11\/DSC02139-alu-768x514.jpg 768w, https:\/\/l-doornassau.be\/wp-content\/uploads\/2024\/11\/DSC02139-alu-1536x1029.jpg 1536w, https:\/\/l-doornassau.be\/wp-content\/uploads\/2024\/11\/DSC02139-alu-600x402.jpg 600w, https:\/\/l-doornassau.be\/wp-content\/uploads\/2024\/11\/DSC02139-alu.jpg 1550w\" sizes=\"(max-width: 800px) 100vw, 800px\" \/>\t\t\t\t\t\t\t\t\t\t\t\t\t\t\t<\/div>\n\t\t\t\t<\/div>\n\t\t\t\t<div class=\"elementor-element elementor-element-63b702e elementor-widget elementor-widget-heading\" data-id=\"63b702e\" data-element_type=\"widget\" data-widget_type=\"heading.default\">\n\t\t\t\t<div class=\"elementor-widget-container\">\n\t\t\t\t\t<h3 class=\"elementor-heading-title elementor-size-default\">Portillon alu<\/h3>\t\t\t\t<\/div>\n\t\t\t\t<\/div>\n\t\t\t\t<div class=\"elementor-element elementor-element-a367702 elementor-widget elementor-widget-text-editor\" data-id=\"a367702\" data-element_type=\"widget\" data-widget_type=\"text-editor.default\">\n\t\t\t\t<div class=\"elementor-widget-container\">\n\t\t\t\t\t\t\t\t\t<p>La l-doornassau Alu Door est un portillon ind\u00e9pendant en aluminium qui, gr\u00e2ce \u00e0 son syst\u00e8me de profils \u00e0 la fois l\u00e9ger et robuste ainsi qu\u2019aux diff\u00e9rentes possibilit\u00e9s de remplissage, constitue une solution durable et polyvalente pour de nombreuses applications.<\/p>\t\t\t\t\t\t\t\t<\/div>\n\t\t\t\t<\/div>\n\t\t\t\t<div class=\"elementor-element elementor-element-f9591be product__arrow elementor-widget elementor-widget-image\" data-id=\"f9591be\" data-element_type=\"widget\" data-widget_type=\"image.default\">\n\t\t\t\t<div class=\"elementor-widget-container\">\n\t\t\t\t\t\t\t\t\t\t\t\t\t\t\t<img decoding=\"async\" width=\"52\" height=\"52\" src=\"https:\/\/l-doornassau.be\/wp-content\/uploads\/2024\/08\/arrow-right-1.svg\" class=\"attachment-large size-large wp-image-19685\" alt=\"\" \/>\t\t\t\t\t\t\t\t\t\t\t\t\t\t\t<\/div>\n\t\t\t\t<\/div>\n\t\t\t\t<\/a>\n\t\t<a class=\"elementor-element elementor-element-17c6a91 e-con-full product__item e-flex e-con e-child\" data-id=\"17c6a91\" data-element_type=\"container\" href=\"https:\/\/l-doornassau.be\/fr\/portillons-independants\/portillon-economy\/\">\n\t\t\t\t<div class=\"elementor-element elementor-element-0af133c elementor-widget elementor-widget-image\" data-id=\"0af133c\" data-element_type=\"widget\" data-widget_type=\"image.default\">\n\t\t\t\t<div class=\"elementor-widget-container\">\n\t\t\t\t\t\t\t\t\t\t\t\t\t\t\t<img loading=\"lazy\" decoding=\"async\" width=\"800\" height=\"590\" src=\"https:\/\/l-doornassau.be\/wp-content\/uploads\/2024\/11\/NASSAU_Economydoer_DK2-1024x755.jpg\" class=\"attachment-large size-large wp-image-19906\" alt=\"L-doornassau Economy loopdeuren\" srcset=\"https:\/\/l-doornassau.be\/wp-content\/uploads\/2024\/11\/NASSAU_Economydoer_DK2-1024x755.jpg 1024w, https:\/\/l-doornassau.be\/wp-content\/uploads\/2024\/11\/NASSAU_Economydoer_DK2-300x221.jpg 300w, https:\/\/l-doornassau.be\/wp-content\/uploads\/2024\/11\/NASSAU_Economydoer_DK2-768x566.jpg 768w, https:\/\/l-doornassau.be\/wp-content\/uploads\/2024\/11\/NASSAU_Economydoer_DK2-600x443.jpg 600w, https:\/\/l-doornassau.be\/wp-content\/uploads\/2024\/11\/NASSAU_Economydoer_DK2.jpg 1269w\" sizes=\"(max-width: 800px) 100vw, 800px\" \/>\t\t\t\t\t\t\t\t\t\t\t\t\t\t\t<\/div>\n\t\t\t\t<\/div>\n\t\t\t\t<div class=\"elementor-element elementor-element-ee66ebe elementor-widget elementor-widget-heading\" data-id=\"ee66ebe\" data-element_type=\"widget\" data-widget_type=\"heading.default\">\n\t\t\t\t<div class=\"elementor-widget-container\">\n\t\t\t\t\t<h3 class=\"elementor-heading-title elementor-size-default\">Portillon Economy<\/h3>\t\t\t\t<\/div>\n\t\t\t\t<\/div>\n\t\t\t\t<div class=\"elementor-element elementor-element-c891c27 elementor-widget elementor-widget-text-editor\" data-id=\"c891c27\" data-element_type=\"widget\" data-widget_type=\"text-editor.default\">\n\t\t\t\t<div class=\"elementor-widget-container\">\n\t\t\t\t\t\t\t\t\t<p>La l-doornassau Economy Door est un portillon ind\u00e9pendant \u00e0 petit budget que vous pouvez utiliser comme porte d\u2019acc\u00e8s s\u00e9par\u00e9e ou porte de secours dans des b\u00e2timents o\u00f9 aucune exigence sp\u00e9cifique en mati\u00e8re d\u2019isolation ou d\u2019\u00e9tanch\u00e9it\u00e9 ne s\u2019applique.<\/p>\t\t\t\t\t\t\t\t<\/div>\n\t\t\t\t<\/div>\n\t\t\t\t<div class=\"elementor-element elementor-element-582fa97 product__arrow elementor-widget elementor-widget-image\" data-id=\"582fa97\" data-element_type=\"widget\" data-widget_type=\"image.default\">\n\t\t\t\t<div class=\"elementor-widget-container\">\n\t\t\t\t\t\t\t\t\t\t\t\t\t\t\t<img decoding=\"async\" width=\"52\" height=\"52\" src=\"https:\/\/l-doornassau.be\/wp-content\/uploads\/2024\/08\/arrow-right-1.svg\" class=\"attachment-large size-large wp-image-19685\" alt=\"\" \/>\t\t\t\t\t\t\t\t\t\t\t\t\t\t\t<\/div>\n\t\t\t\t<\/div>\n\t\t\t\t<\/a>\n\t\t<a class=\"elementor-element elementor-element-18c1fb5 e-con-full product__item e-flex e-con e-child\" data-id=\"18c1fb5\" data-element_type=\"container\" href=\"https:\/\/l-doornassau.be\/fr\/portillons-independants\/portillon-thermo\/\">\n\t\t\t\t<div class=\"elementor-element elementor-element-991a39b elementor-widget elementor-widget-image\" data-id=\"991a39b\" data-element_type=\"widget\" data-widget_type=\"image.default\">\n\t\t\t\t<div class=\"elementor-widget-container\">\n\t\t\t\t\t\t\t\t\t\t\t\t\t\t\t<img loading=\"lazy\" decoding=\"async\" width=\"800\" height=\"485\" src=\"https:\/\/l-doornassau.be\/wp-content\/uploads\/2024\/11\/Termo.jpg\" class=\"attachment-large size-large wp-image-19907\" alt=\"L-doornassau Thermo loopdeuren\" srcset=\"https:\/\/l-doornassau.be\/wp-content\/uploads\/2024\/11\/Termo.jpg 858w, https:\/\/l-doornassau.be\/wp-content\/uploads\/2024\/11\/Termo-300x182.jpg 300w, https:\/\/l-doornassau.be\/wp-content\/uploads\/2024\/11\/Termo-768x465.jpg 768w, https:\/\/l-doornassau.be\/wp-content\/uploads\/2024\/11\/Termo-600x364.jpg 600w\" sizes=\"(max-width: 800px) 100vw, 800px\" \/>\t\t\t\t\t\t\t\t\t\t\t\t\t\t\t<\/div>\n\t\t\t\t<\/div>\n\t\t\t\t<div class=\"elementor-element elementor-element-2ce1a55 elementor-widget elementor-widget-heading\" data-id=\"2ce1a55\" data-element_type=\"widget\" data-widget_type=\"heading.default\">\n\t\t\t\t<div class=\"elementor-widget-container\">\n\t\t\t\t\t<h3 class=\"elementor-heading-title elementor-size-default\">Portillon Thermo<\/h3>\t\t\t\t<\/div>\n\t\t\t\t<\/div>\n\t\t\t\t<div class=\"elementor-element elementor-element-ab22bc6 elementor-widget elementor-widget-text-editor\" data-id=\"ab22bc6\" data-element_type=\"widget\" data-widget_type=\"text-editor.default\">\n\t\t\t\t<div class=\"elementor-widget-container\">\n\t\t\t\t\t\t\t\t\t<p>La l-doornassau Thermo Door est r\u00e9alis\u00e9e avec un nouveau syst\u00e8me de profils \u00e0 rupture thermique, combin\u00e9 \u00e0 des panneaux hautement isolants ou \u00e0 un double vitrage comme remplissage.<\/p>\t\t\t\t\t\t\t\t<\/div>\n\t\t\t\t<\/div>\n\t\t\t\t<div class=\"elementor-element elementor-element-4bcdd9f product__arrow elementor-widget elementor-widget-image\" data-id=\"4bcdd9f\" data-element_type=\"widget\" data-widget_type=\"image.default\">\n\t\t\t\t<div class=\"elementor-widget-container\">\n\t\t\t\t\t\t\t\t\t\t\t\t\t\t\t<img decoding=\"async\" width=\"52\" height=\"52\" src=\"https:\/\/l-doornassau.be\/wp-content\/uploads\/2024\/08\/arrow-right-1.svg\" class=\"attachment-large size-large wp-image-19685\" alt=\"\" \/>\t\t\t\t\t\t\t\t\t\t\t\t\t\t\t<\/div>\n\t\t\t\t<\/div>\n\t\t\t\t<\/a>\n\t\t\t\t<\/div>\n\t\t<div class=\"elementor-element elementor-element-aff74fc e-con-full container__xl e-flex e-con e-child\" data-id=\"aff74fc\" data-element_type=\"container\">\n\t\t<a class=\"elementor-element elementor-element-c15e017 e-con-full product__item e-flex e-con e-child\" data-id=\"c15e017\" data-element_type=\"container\" href=\"https:\/\/l-doornassau.be\/fr\/portillons-independants\/portillon-luxe-line\/\">\n\t\t\t\t<div class=\"elementor-element elementor-element-bfca3fa elementor-widget elementor-widget-image\" data-id=\"bfca3fa\" data-element_type=\"widget\" data-widget_type=\"image.default\">\n\t\t\t\t<div class=\"elementor-widget-container\">\n\t\t\t\t\t\t\t\t\t\t\t\t\t\t\t<img loading=\"lazy\" decoding=\"async\" width=\"759\" height=\"1024\" src=\"https:\/\/l-doornassau.be\/wp-content\/uploads\/2024\/11\/Luxe-Line-enkel-759x1024.jpg\" class=\"attachment-large size-large wp-image-19904\" alt=\"L-doornassau Lux-Line loopdeuren\" srcset=\"https:\/\/l-doornassau.be\/wp-content\/uploads\/2024\/11\/Luxe-Line-enkel-759x1024.jpg 759w, https:\/\/l-doornassau.be\/wp-content\/uploads\/2024\/11\/Luxe-Line-enkel-222x300.jpg 222w, https:\/\/l-doornassau.be\/wp-content\/uploads\/2024\/11\/Luxe-Line-enkel-768x1036.jpg 768w, https:\/\/l-doornassau.be\/wp-content\/uploads\/2024\/11\/Luxe-Line-enkel-1139x1536.jpg 1139w, https:\/\/l-doornassau.be\/wp-content\/uploads\/2024\/11\/Luxe-Line-enkel-600x809.jpg 600w, https:\/\/l-doornassau.be\/wp-content\/uploads\/2024\/11\/Luxe-Line-enkel.jpg 1149w\" sizes=\"(max-width: 759px) 100vw, 759px\" \/>\t\t\t\t\t\t\t\t\t\t\t\t\t\t\t<\/div>\n\t\t\t\t<\/div>\n\t\t\t\t<div class=\"elementor-element elementor-element-548bde5 elementor-widget elementor-widget-heading\" data-id=\"548bde5\" data-element_type=\"widget\" data-widget_type=\"heading.default\">\n\t\t\t\t<div class=\"elementor-widget-container\">\n\t\t\t\t\t<h3 class=\"elementor-heading-title elementor-size-default\">Portillon Luxe-line<\/h3>\t\t\t\t<\/div>\n\t\t\t\t<\/div>\n\t\t\t\t<div class=\"elementor-element elementor-element-db48f6e elementor-widget elementor-widget-text-editor\" data-id=\"db48f6e\" data-element_type=\"widget\" data-widget_type=\"text-editor.default\">\n\t\t\t\t<div class=\"elementor-widget-container\">\n\t\t\t\t\t\t\t\t\t<p>L\u2019ensemble de la gamme de panneaux issus du programme de portes sectionnelles Type ST peut \u00eatre utilis\u00e9 comme remplissage pour le profil aluminium Luxe-Line \u00e0 rupture thermique. Nous r\u00e9alisons ainsi une porte enti\u00e8rement personnalis\u00e9e, sur mesure et parfaitement adapt\u00e9e \u00e0 vos souhaits. <\/p>\t\t\t\t\t\t\t\t<\/div>\n\t\t\t\t<\/div>\n\t\t\t\t<div class=\"elementor-element elementor-element-81b926d product__arrow elementor-widget elementor-widget-image\" data-id=\"81b926d\" data-element_type=\"widget\" data-widget_type=\"image.default\">\n\t\t\t\t<div class=\"elementor-widget-container\">\n\t\t\t\t\t\t\t\t\t\t\t\t\t\t\t<img decoding=\"async\" width=\"52\" height=\"52\" src=\"https:\/\/l-doornassau.be\/wp-content\/uploads\/2024\/08\/arrow-right-1.svg\" class=\"attachment-large size-large wp-image-19685\" alt=\"\" \/>\t\t\t\t\t\t\t\t\t\t\t\t\t\t\t<\/div>\n\t\t\t\t<\/div>\n\t\t\t\t<\/a>\n\t\t\t\t<\/div>\n\t\t\t\t<\/div>\n\t\t<div class=\"elementor-element elementor-element-32f2d90 e-flex e-con-boxed e-con e-parent\" data-id=\"32f2d90\" data-element_type=\"container\">\n\t\t\t\t\t<div class=\"e-con-inner\">\n\t\t\t\t<div class=\"elementor-element elementor-element-03a167e elementor-widget elementor-widget-heading\" data-id=\"03a167e\" data-element_type=\"widget\" data-widget_type=\"heading.default\">\n\t\t\t\t<div class=\"elementor-widget-container\">\n\t\t\t\t\t<h2 class=\"elementor-heading-title elementor-size-default\">Quel portillon ind\u00e9pendant convient \u00e0 votre application ?<\/h2>\t\t\t\t<\/div>\n\t\t\t\t<\/div>\n\t\t\t\t\t<\/div>\n\t\t\t\t<\/div>\n\t\t<div class=\"elementor-element elementor-element-858403e e-flex e-con-boxed e-con e-parent\" data-id=\"858403e\" data-element_type=\"container\">\n\t\t\t\t\t<div class=\"e-con-inner\">\n\t\t<div class=\"elementor-element elementor-element-cf3af4c e-con-full e-flex e-con e-child\" data-id=\"cf3af4c\" data-element_type=\"container\">\n\t\t\t\t<div class=\"elementor-element elementor-element-32247e2 elementor-widget elementor-widget-image\" data-id=\"32247e2\" data-element_type=\"widget\" data-widget_type=\"image.default\">\n\t\t\t\t<div class=\"elementor-widget-container\">\n\t\t\t\t\t\t\t\t\t\t\t\t\t\t\t<img loading=\"lazy\" decoding=\"async\" width=\"800\" height=\"566\" src=\"https:\/\/l-doornassau.be\/wp-content\/uploads\/2025\/05\/9000-insu-scaled2-1.jpg\" class=\"attachment-large size-large wp-image-20572\" alt=\"Industri\u00eble sectionaalpoort l-doornassau\" srcset=\"https:\/\/l-doornassau.be\/wp-content\/uploads\/2025\/05\/9000-insu-scaled2-1.jpg 800w, https:\/\/l-doornassau.be\/wp-content\/uploads\/2025\/05\/9000-insu-scaled2-1-300x212.jpg 300w, https:\/\/l-doornassau.be\/wp-content\/uploads\/2025\/05\/9000-insu-scaled2-1-768x543.jpg 768w, https:\/\/l-doornassau.be\/wp-content\/uploads\/2025\/05\/9000-insu-scaled2-1-600x425.jpg 600w\" sizes=\"(max-width: 800px) 100vw, 800px\" \/>\t\t\t\t\t\t\t\t\t\t\t\t\t\t\t<\/div>\n\t\t\t\t<\/div>\n\t\t\t\t<\/div>\n\t\t<div class=\"elementor-element elementor-element-45f26a0 e-con-full e-flex e-con e-child\" data-id=\"45f26a0\" data-element_type=\"container\">\n\t\t\t\t<div class=\"elementor-element elementor-element-68998d6 elementor-widget elementor-widget-text-editor\" data-id=\"68998d6\" data-element_type=\"widget\" data-widget_type=\"text-editor.default\">\n\t\t\t\t<div class=\"elementor-widget-container\">\n\t\t\t\t\t\t\t\t\t<p>Le choix du <b>portillon ind\u00e9pendant<\/b> appropri\u00e9 d\u00e9pend de la mani\u00e8re dont la porte est utilis\u00e9e et de son environnement d\u2019installation. Toutes les applications ne posent pas les m\u00eames exigences en mati\u00e8re d\u2019isolation, de finition ou d\u2019intensit\u00e9 d\u2019utilisation. En en tenant compte d\u00e8s le d\u00e9part, vous optez pour un portillon ind\u00e9pendant qui est non seulement fonctionnel, mais \u00e9galement durable \u00e0 long terme.  <\/p>\n<p>Est-ce que le portillon ind\u00e9pendant est principalement utilis\u00e9 comme passage quotidien dans un environnement industriel ? Dans ce cas, une version robuste et facile d\u2019entretien est recommand\u00e9e. S\u2019agit-il d\u2019un b\u00e2timent o\u00f9 l\u2019isolation est moins importante et o\u00f9 la porte n\u2019est utilis\u00e9e qu\u2019occasionnellement, une solution plus simple suffit. Dans les situations o\u00f9 l\u2019esth\u00e9tique, la finition ou l\u2019apport de lumi\u00e8re jouent un r\u00f4le, un portillon ind\u00e9pendant avec des remplissages en aluminium ou en verre offre des possibilit\u00e9s suppl\u00e9mentaires.   <\/p>\n<p>Des facteurs tels que les exigences en mati\u00e8re de s\u00e9curit\u00e9, le sens d\u2019ouverture, l\u2019installation en int\u00e9rieur ou en ext\u00e9rieur ainsi que l\u2019harmonisation visuelle avec la porte jouent \u00e9galement un r\u00f4le dans le choix appropri\u00e9. En pla\u00e7ant l\u2019application au centre de la r\u00e9flexion, il devient plus simple de s\u00e9lectionner le type de portillon ind\u00e9pendant parfaitement adapt\u00e9 \u00e0 votre b\u00e2timent et \u00e0 votre usage. <\/p>\t\t\t\t\t\t\t\t<\/div>\n\t\t\t\t<\/div>\n\t\t\t\t<\/div>\n\t\t\t\t\t<\/div>\n\t\t\t\t<\/div>\n\t\t<div class=\"elementor-element elementor-element-650d00a e-flex e-con-boxed e-con e-parent\" data-id=\"650d00a\" data-element_type=\"container\" data-settings=\"{&quot;background_background&quot;:&quot;classic&quot;}\">\n\t\t\t\t\t<div class=\"e-con-inner\">\n\t\t\t\t<div class=\"elementor-element elementor-element-f88ce45 elementor-widget elementor-widget-heading\" data-id=\"f88ce45\" data-element_type=\"widget\" data-widget_type=\"heading.default\">\n\t\t\t\t<div class=\"elementor-widget-container\">\n\t\t\t\t\t<h2 class=\"elementor-heading-title elementor-size-default\">Vous souhaitez conna\u00eetre le prix de votre portillon ind\u00e9pendant ? <br>Recevez votre offre.<\/h2>\t\t\t\t<\/div>\n\t\t\t\t<\/div>\n\t\t\t\t<div class=\"elementor-element elementor-element-e84b3a2 elementor-widget elementor-widget-text-editor\" data-id=\"e84b3a2\" data-element_type=\"widget\" data-widget_type=\"text-editor.default\">\n\t\t\t\t<div class=\"elementor-widget-container\">\n\t\t\t\t\t\t\t\t\t<p>Demandez un devis sans engagement et obtenez un aper\u00e7u des options, du prix et de l\u2019ex\u00e9cution qui correspondent le mieux \u00e0 votre application industrielle.<\/p>\n<p>Nos experts sont pr\u00eats \u00e0 vous conseiller et \u00e0 \u00e9laborer une solution parfaitement adapt\u00e9e \u00e0 votre b\u00e2timent.<\/p>\t\t\t\t\t\t\t\t<\/div>\n\t\t\t\t<\/div>\n\t\t\t\t<div class=\"elementor-element elementor-element-129cd5e elementor-align-center elementor-widget elementor-widget-button\" data-id=\"129cd5e\" data-element_type=\"widget\" data-widget_type=\"button.default\">\n\t\t\t\t<div class=\"elementor-widget-container\">\n\t\t\t\t\t\t\t\t\t<div class=\"elementor-button-wrapper\">\n\t\t\t\t\t<a class=\"elementor-button elementor-button-link elementor-size-sm\" href=\"https:\/\/l-doornassau.be\/fr\/devis\/\">\n\t\t\t\t\t\t<span class=\"elementor-button-content-wrapper\">\n\t\t\t\t\t\t\t\t\t<span class=\"elementor-button-text\">Demander un devis<\/span>\n\t\t\t\t\t<\/span>\n\t\t\t\t\t<\/a>\n\t\t\t\t<\/div>\n\t\t\t\t\t\t\t\t<\/div>\n\t\t\t\t<\/div>\n\t\t\t\t\t<\/div>\n\t\t\t\t<\/div>\n\t\t<div class=\"elementor-element elementor-element-5a37a64 e-con-full e-flex e-con e-parent\" data-id=\"5a37a64\" data-element_type=\"container\" data-settings=\"{&quot;background_background&quot;:&quot;classic&quot;}\">\n\t\t<div class=\"elementor-element elementor-element-a3011a1 e-con-full container__xl e-flex e-con e-child\" data-id=\"a3011a1\" data-element_type=\"container\">\n\t\t<div class=\"elementor-element elementor-element-36b1919 e-con-full e-flex e-con e-child\" data-id=\"36b1919\" data-element_type=\"container\">\n\t\t\t\t<div class=\"elementor-element elementor-element-4d7763b elementor-widget elementor-widget-heading\" data-id=\"4d7763b\" data-element_type=\"widget\" data-widget_type=\"heading.default\">\n\t\t\t\t<div class=\"elementor-widget-container\">\n\t\t\t\t\t<h2 class=\"elementor-heading-title elementor-size-default\">Avez-vous une question concernant un portillon ind\u00e9pendant ? <br> Prenez rendez-vous ou envoyez-nous un e-mail<\/h2>\t\t\t\t<\/div>\n\t\t\t\t<\/div>\n\t\t\t\t<\/div>\n\t\t<div class=\"elementor-element elementor-element-b595a79 e-con-full e-flex e-con e-child\" data-id=\"b595a79\" data-element_type=\"container\">\n\t\t\t\t<div class=\"elementor-element elementor-element-c8161a6 elementor-widget elementor-widget-button\" data-id=\"c8161a6\" data-element_type=\"widget\" data-widget_type=\"button.default\">\n\t\t\t\t<div class=\"elementor-widget-container\">\n\t\t\t\t\t\t\t\t\t<div class=\"elementor-button-wrapper\">\n\t\t\t\t\t<a class=\"elementor-button elementor-button-link elementor-size-sm\" href=\"https:\/\/l-doornassau.be\/fr\/?page_id=20165\">\n\t\t\t\t\t\t<span class=\"elementor-button-content-wrapper\">\n\t\t\t\t\t\t\t\t\t<span class=\"elementor-button-text\">Contactez nous<\/span>\n\t\t\t\t\t<\/span>\n\t\t\t\t\t<\/a>\n\t\t\t\t<\/div>\n\t\t\t\t\t\t\t\t<\/div>\n\t\t\t\t<\/div>\n\t\t\t\t<\/div>\n\t\t\t\t<\/div>\n\t\t\t\t<div class=\"elementor-element elementor-element-95acd99 elementor-widget elementor-widget-html\" data-id=\"95acd99\" data-element_type=\"widget\" data-widget_type=\"html.default\">\n\t\t\t\t<div class=\"elementor-widget-container\">\n\t\t\t\t\t<script type=\"application\/ld+json\">{\r\n  \"@context\": \"https:\/\/schema.org\/\",\r\n  \"@type\": \"Product\",\r\n  \"name\": \"L-doornassau loopdeuren\",\r\n  \"image\": \"https:\/\/l-doornassau.be\/wp-content\/uploads\/2024\/11\/DSC02139-alu-1536x1029.jpg\",\r\n  \"description\": \"Naast ons gamma sectionaalpoorten, vindt u hier ons assortiment afzonderlijk loopdeuren die perfect passen bij uw poort vanwege de gekende kwaliteit en gebruik van hoogwaardige materialen.  De loopdeuren worden opgebouwd uit identieke panelen als uw sectionaalpoort om vervolgens een mooi geheel te vormen\",\r\n  \"brand\": \"L-doornassau\"\r\n}\r\n<\/script>\t\t\t\t<\/div>\n\t\t\t\t<\/div>\n\t\t\t\t<\/div>\n\t\t\t\t<\/div>\n\t\t","protected":false},"excerpt":{"rendered":"<p>Portes ind\u00e9pendants En compl\u00e9ment de notre gamme de portes sectionnelles, l-doornassau propose \u00e9galement des portes pi\u00e9tonnes ind\u00e9pendantes, parfaitement assorties \u00e0 votre porte et \u00e0 votre b\u00e2timent. Nos portes pi\u00e9tonnes sont fabriqu\u00e9es avec les m\u00eames mat\u00e9riaux haut de gamme et le m\u00eame niveau de finition que les portes sectionnelles, afin de garantir une parfaite harmonie entre [&hellip;]<\/p>\n","protected":false},"author":27,"featured_media":0,"parent":0,"menu_order":0,"comment_status":"closed","ping_status":"closed","template":"","meta":{"_acf_changed":false,"footnotes":""},"class_list":["post-20002","page","type-page","status-publish","hentry"],"acf":[],"_links":{"self":[{"href":"https:\/\/l-doornassau.be\/fr\/wp-json\/wp\/v2\/pages\/20002","targetHints":{"allow":["GET"]}}],"collection":[{"href":"https:\/\/l-doornassau.be\/fr\/wp-json\/wp\/v2\/pages"}],"about":[{"href":"https:\/\/l-doornassau.be\/fr\/wp-json\/wp\/v2\/types\/page"}],"author":[{"embeddable":true,"href":"https:\/\/l-doornassau.be\/fr\/wp-json\/wp\/v2\/users\/27"}],"replies":[{"embeddable":true,"href":"https:\/\/l-doornassau.be\/fr\/wp-json\/wp\/v2\/comments?post=20002"}],"version-history":[{"count":10,"href":"https:\/\/l-doornassau.be\/fr\/wp-json\/wp\/v2\/pages\/20002\/revisions"}],"predecessor-version":[{"id":22048,"href":"https:\/\/l-doornassau.be\/fr\/wp-json\/wp\/v2\/pages\/20002\/revisions\/22048"}],"wp:attachment":[{"href":"https:\/\/l-doornassau.be\/fr\/wp-json\/wp\/v2\/media?parent=20002"}],"curies":[{"name":"wp","href":"https:\/\/api.w.org\/{rel}","templated":true}]}}