{"id":21122,"date":"2018-01-01T11:17:36","date_gmt":"2018-01-01T10:17:36","guid":{"rendered":"https:\/\/l-doornassau.be\/product\/telecommande-l-door-marantec-2-canaux-prix-htva\/"},"modified":"2021-01-25T11:17:36","modified_gmt":"2021-01-25T10:17:36","slug":"telecommande-l-door-marantec-2-canaux-prix-htva","status":"publish","type":"product","link":"https:\/\/l-doornassau.be\/fr\/product\/telecommande-l-door-marantec-2-canaux-prix-htva\/","title":{"rendered":"T\u00e9l\u00e9commande L-door Marantec \u2013 2 canaux (Prix HTVA)"},"content":{"rendered":"","protected":false},"excerpt":{"rendered":"<p><strong>Les t\u00e9l\u00e9commandes ne sont jamais livr\u00e9es pr\u00e9programm\u00e9es!<\/strong><\/p>\n<p>Compatible avec presque tous les moteurs de porte de garage Marantec tels que Comfort 150, 220, 250, 260, 360, 370 &amp; 380 en combinaison avec un r\u00e9cepteur multi-bit appropri\u00e9.<\/p>\n<p>Attention : cette t\u00e9l\u00e9commande poss\u00e8de une face avant et arri\u00e8re gris clair uniformes. Si votre t\u00e9l\u00e9commande dispose d\u2019une face avant gris clair et d\u2019une face arri\u00e8re gris clair diff\u00e9rente, vous avez besoin du mod\u00e8le Marantec Digital 382 \u2013 433,92 MHz.<\/p>\n<p>&nbsp;<\/p>\n","protected":false},"featured_media":19651,"template":"","meta":{"_acf_changed":false},"product_brand":[],"product_cat":[162,161],"product_tag":[],"class_list":{"0":"post-21122","1":"product","2":"type-product","3":"status-publish","4":"has-post-thumbnail","6":"product_cat-industrie","7":"product_cat-particulier","8":"product_shipping_class-normal","10":"first","11":"instock","12":"taxable","13":"shipping-taxable","14":"purchasable","15":"product-type-simple"},"acf":[],"_links":{"self":[{"href":"https:\/\/l-doornassau.be\/fr\/wp-json\/wp\/v2\/product\/21122","targetHints":{"allow":["GET"]}}],"collection":[{"href":"https:\/\/l-doornassau.be\/fr\/wp-json\/wp\/v2\/product"}],"about":[{"href":"https:\/\/l-doornassau.be\/fr\/wp-json\/wp\/v2\/types\/product"}],"wp:featuredmedia":[{"embeddable":true,"href":"https:\/\/l-doornassau.be\/fr\/wp-json\/wp\/v2\/media\/19651"}],"wp:attachment":[{"href":"https:\/\/l-doornassau.be\/fr\/wp-json\/wp\/v2\/media?parent=21122"}],"wp:term":[{"taxonomy":"product_brand","embeddable":true,"href":"https:\/\/l-doornassau.be\/fr\/wp-json\/wp\/v2\/product_brand?post=21122"},{"taxonomy":"product_cat","embeddable":true,"href":"https:\/\/l-doornassau.be\/fr\/wp-json\/wp\/v2\/product_cat?post=21122"},{"taxonomy":"product_tag","embeddable":true,"href":"https:\/\/l-doornassau.be\/fr\/wp-json\/wp\/v2\/product_tag?post=21122"}],"curies":[{"name":"wp","href":"https:\/\/api.w.org\/{rel}","templated":true}]}}