{"id":21192,"date":"2018-08-01T11:52:46","date_gmt":"2018-08-01T10:52:46","guid":{"rendered":"https:\/\/l-doornassau.be\/product\/clavier-a-code-nassau-a-3-canaux-jusqua-3-portes-de-garage-prix-hors-tva\/"},"modified":"2018-02-06T11:52:46","modified_gmt":"2018-02-06T10:52:46","slug":"clavier-a-code-nassau-a-3-canaux-jusqua-3-portes-de-garage-prix-hors-tva","status":"publish","type":"product","link":"https:\/\/l-doornassau.be\/fr\/product\/clavier-a-code-nassau-a-3-canaux-jusqua-3-portes-de-garage-prix-hors-tva\/","title":{"rendered":"Clavier \u00e0 code NASSAU \u00e0 3 canaux \u2013 jusqu\u2019\u00e0 3 portes de garage (prix hors TVA)"},"content":{"rendered":"<p>Le clavier sans fil NASSAU \u00e0 3 canaux \u00e0 sens unique peut commander jusqu\u2019\u00e0 3 portes en entrant un code PIN \u00e0 4 chiffres. Ce clavier permet \u00e9galement d\u2019attribuer un code \u00e0 une personne charg\u00e9e d\u2019une livraison en votre absence. <\/p>\n<p>Ce code est valable trois fois. Le clavier dispose \u00e9galement d\u2019un bouton de fonction libre, pouvant \u00eatre programm\u00e9 selon vos besoins, par exemple pour allumer ou \u00e9teindre la lumi\u00e8re du moteur. Ce clavier est livr\u00e9 avec un \u00e9cran de protection contre les intemp\u00e9ries. Ce mod\u00e8le est compatible avec toutes les portes de garage NASSAU \u00e0 partir d\u2019avril 2016.    <\/p>\n","protected":false},"excerpt":{"rendered":"<p>Le clavier sans fil NASSAU \u00e0 3 canaux \u00e0 sens unique peut commander jusqu\u2019\u00e0 3 portes en entrant un code PIN \u00e0 4 chiffres. Ce clavier permet \u00e9galement d\u2019attribuer un code \u00e0 une personne charg\u00e9e d\u2019une livraison en votre absence. <\/p>\n<p>Ce code est valable trois fois. Le clavier dispose \u00e9galement d\u2019un bouton de fonction libre, pouvant \u00eatre programm\u00e9 selon vos besoins, par exemple pour allumer ou \u00e9teindre la lumi\u00e8re du moteur. Ce clavier est livr\u00e9 avec un \u00e9cran de protection contre les intemp\u00e9ries. Ce mod\u00e8le est compatible avec toutes les portes de garage NASSAU \u00e0 partir d\u2019avril 2016.    <\/p>\n","protected":false},"featured_media":19416,"template":"","meta":{"_acf_changed":false},"product_brand":[],"product_cat":[162],"product_tag":[168,167],"class_list":{"0":"post-21192","1":"product","2":"type-product","3":"status-publish","4":"has-post-thumbnail","6":"product_cat-industrie","7":"product_tag-commande-de-porte-de-garage","8":"product_tag-porte-de-garage","9":"product_shipping_class-normal","11":"first","12":"instock","13":"taxable","14":"shipping-taxable","15":"purchasable","16":"product-type-simple"},"acf":[],"_links":{"self":[{"href":"https:\/\/l-doornassau.be\/fr\/wp-json\/wp\/v2\/product\/21192","targetHints":{"allow":["GET"]}}],"collection":[{"href":"https:\/\/l-doornassau.be\/fr\/wp-json\/wp\/v2\/product"}],"about":[{"href":"https:\/\/l-doornassau.be\/fr\/wp-json\/wp\/v2\/types\/product"}],"wp:featuredmedia":[{"embeddable":true,"href":"https:\/\/l-doornassau.be\/fr\/wp-json\/wp\/v2\/media\/19416"}],"wp:attachment":[{"href":"https:\/\/l-doornassau.be\/fr\/wp-json\/wp\/v2\/media?parent=21192"}],"wp:term":[{"taxonomy":"product_brand","embeddable":true,"href":"https:\/\/l-doornassau.be\/fr\/wp-json\/wp\/v2\/product_brand?post=21192"},{"taxonomy":"product_cat","embeddable":true,"href":"https:\/\/l-doornassau.be\/fr\/wp-json\/wp\/v2\/product_cat?post=21192"},{"taxonomy":"product_tag","embeddable":true,"href":"https:\/\/l-doornassau.be\/fr\/wp-json\/wp\/v2\/product_tag?post=21192"}],"curies":[{"name":"wp","href":"https:\/\/api.w.org\/{rel}","templated":true}]}}